{"id":450,"date":"2020-11-23T09:18:35","date_gmt":"2020-11-23T08:18:35","guid":{"rendered":"https:\/\/il-telaio.it\/?page_id=450"},"modified":"2021-03-12T11:22:28","modified_gmt":"2021-03-12T10:22:28","slug":"la-nostra-storia","status":"publish","type":"page","link":"https:\/\/il-telaio.it\/index.php\/la-nostra-storia\/","title":{"rendered":"La nostra storia"},"content":{"rendered":"<p>[vc_row][vc_column][vc_column_text]<span style=\"color: #ff0000;\"><strong>L\u2019Associazione Culturale \u201cIl Telaio\u201d si \u00e8 costituita ufficialmente a Brunico il 14 gennaio 1984<\/strong><\/span> per iniziativa di don Luciano Mabritto e di Marilena Tomasoni che ne \u00e8 stata per breve tempo anche la prima presidente. Gli altri soci fondatori e componenti del primo consiglio direttivo erano Tullio Lott, Ida Marchetti, Marco Pellizzari, Paolo Rettondini e Lino Svaluto Moreolo.[\/vc_column_text][\/vc_column][\/vc_row][vc_row][vc_column width=&#8221;1\/4&#8243;][vc_single_image image=&#8221;474&#8243; img_size=&#8221;medium&#8221;][\/vc_column][vc_column width=&#8221;3\/4&#8243;][vc_column_text]<span style=\"color: #ff0000;\"><strong>Il nome<\/strong><\/span> \u00e8 stato scelto a simboleggiare un intreccio di manifestazioni di diversa natura atte ad incontrare gli interessi del maggior numero possibile di persone per <strong>riunire in un unico tessuto le varie componenti sociali e culturali cittadine<\/strong>. Fin dal primo anno sono stati scelti dei <strong>filoni di attivit\u00e0<\/strong> che in parte proseguono tuttora ed il cui sviluppo viene qui di seguito illustrato:[\/vc_column_text][\/vc_column][\/vc_row][vc_row][vc_column width=&#8221;2\/3&#8243;][vc_column_text]<span style=\"color: #ff0000;\"><strong>Il teatro<\/strong><\/span> \u00e8 stata la prima proposta del Telaio, gi\u00e0 il giorno dopo la sua costituzione ufficiale, con \u201cL\u2019avaro\u201d di Moli\u00e8re, messo in scena dalla Filodrammatica \u201cDon Bosco\u201d di Bressanone alla Casa Michael Pacher, allora da poco inaugurata. Negli anni a venire, e fino ai giorni nostri, numerosi sono stati gli spettacoli teatrali proposti, sia ospitando filodrammatiche locali che attori professionisti a livello nazionale<strong>: <\/strong>da <strong><em>Franca Rame<\/em> (nella foto) <\/strong>a<strong> <em>Franca Valeri<\/em>, <\/strong>da <strong><em>Patrizia Zappa Mulas<\/em><\/strong> ad <strong><em>Andrea Castelli<\/em><\/strong>, da <strong><em>Grazia Scuccimarra<\/em> <\/strong>a <strong><em>Pino Petruzzelli.<\/em><\/strong>[\/vc_column_text][\/vc_column][vc_column width=&#8221;1\/3&#8243;][vc_single_image image=&#8221;476&#8243;][\/vc_column][\/vc_row][vc_row][vc_column width=&#8221;1\/4&#8243;][vc_single_image image=&#8221;478&#8243; img_size=&#8221;medium&#8221;][\/vc_column][vc_column width=&#8221;3\/4&#8243;][vc_column_text]<span style=\"color: #ff0000;\"><strong>La musica CLASSICA<\/strong><\/span> \u00e8 entrata fin dal primo anno a far parte delle proposte fisse nel calendario annuale del Telaio. Il primo concerto il 27 aprile del 1984 \u00e8 stato quello della pianista Roberta Bambace, seguita lo stesso anno dai Madrigalisti di Venezia. Fra le manifestazioni pi\u00f9 significative vanno ricordati fin dal 1985 i concerti dei<em> <strong>finalisti del concorso pianistico internazionale \u201cFerruccio Busoni\u201d<\/strong>, fra cui Akyra Wakabayashi, oggi uno dei pianisti giapponesi pi\u00f9 noti al mondo, <\/em>e quelli di <strong>orchestre, ensemble e cori prestigiosi provenienti, oltre che dall\u2019Italia, anche da Austria e Germania<\/strong>. Ancora oggi gli appuntamenti con la musica classica e da camera sono almeno due ogni anno.[\/vc_column_text][\/vc_column][\/vc_row][vc_row][vc_column width=&#8221;2\/3&#8243;][vc_column_text]<span style=\"color: #ff0000;\"><strong>IL CINEMA <\/strong><\/span>Gi\u00e0 nel 1984 il Telaio ha dato il via, insieme al Circolo Berth Brecht ed al titolare del cinema Odeon di Brunico Gianni Bernardi, alla fortunata serie dell\u2019<strong><em>Invito al Cinema<\/em><\/strong> che proponeva in autunno e primavera i \u2018marted\u00ec di qualit\u00e0\u2019 con abbonamenti a prezzo ridotto. Oggi la rassegna \u00e8 curata con successo dall\u2019Istituto Pluricomprensivo in lingua italiana di Brunico. Nel 1999 e nel 2001 \u00e8 stato ospite del Telaio il notissimo documentarista marino <strong><em>Folco Quilici<\/em><\/strong> e fortunata \u00e8 stata per due anni la collaborazione con il <strong><em>Festival Montagna della Lessinia<\/em>.<\/strong> Il Telaio propone tuttora proiezioni di film, soprattutto di registi locali.[\/vc_column_text][\/vc_column][vc_column width=&#8221;1\/3&#8243;][vc_single_image image=&#8221;479&#8243;][\/vc_column][\/vc_row][vc_row][vc_column width=&#8221;1\/4&#8243;][vc_single_image image=&#8221;480&#8243; img_size=&#8221;medium&#8221;][\/vc_column][vc_column width=&#8221;3\/4&#8243;][vc_column_text]<span style=\"color: #ff0000;\"><strong>JAZZ E GOSPEL<\/strong><\/span> Molti sono stati i concerti jazz e gospel organizzati dal Telaio fin dal 1984 quando \u00e8 stata ospite a Brunico la <strong><em>Scledum Jazz<\/em> <em>Band<\/em><\/strong><em>. <\/em>Nel 1992 il Telaio ha promosso il primo <strong><em>New Oraleans Jazz Festival<\/em><\/strong> (nella foto una brass band americana per le vie di Brunico), una manifestazione tenutasi per oltre un decennio con cadenza biennale che ha portato in citt\u00e0 i nomi pi\u00f9 prestigiosi del jazz italiano ed europeo, da <strong><em>Oscar Klein<\/em><\/strong> a <strong><em>Tullio De Piscopo<\/em><\/strong>, da <strong><em>Romano Mussolini<\/em><\/strong> a <strong><em>Lino Patruno<\/em><\/strong>, da <strong><em>Dana Gillespie<\/em><\/strong> a<em> <strong>Lindy Uppertsberg<\/strong><\/em>. Quasi ogni anno il Telaio organizza un concerto di musica jazz o gospel.[\/vc_column_text][\/vc_column][\/vc_row][vc_row][vc_column width=&#8221;2\/3&#8243;][vc_column_text]<span style=\"color: #ff0000;\"><strong>GLI INCONTRI CON L\u2019AUTORE<\/strong><\/span> sono da anni la manifestazione estiva pi\u00f9 prestigiosa del Telaio e trovano riscontro anche sulla stampa nazionale. Il primo si \u00e8 tenuto gi\u00e0 il 5 maggio del 1985 con <strong><em>Joseph Zoderer<\/em><\/strong>. Da allora ne sono seguiti diversi fino a quando, a partire dal 1991, inizialmente in collaborazione con la libreria Sovilla di Cortina, \u00e8 iniziata la fortunata rassegna estiva che si tiene tuttora. Fra i personaggi pi\u00f9 noti ospiti del Telaio figurano giornalisti come <strong><em>Bruno Vespa,<\/em><\/strong> <strong><em>Corrado Augias, Demetrio Volcic<\/em><\/strong>, <strong><em>Magdi Allam<\/em><\/strong> o <strong><em>Ferruccio De Bortoli<\/em><\/strong>, esponenti politici come <strong><em>Giovanni Spadolini<\/em><\/strong> e <strong><em>Giulio<\/em><\/strong><em> <strong>Andreotti<\/strong><\/em> <strong>(nella foto)<\/strong> e poi ancora narratori come <strong><em>Alberto Bevilacqua<\/em><\/strong>, <strong><em>Luciano De Crescenzo<\/em><\/strong>, <strong><em>Dacia Maraini<\/em><\/strong>, <strong><em>Corrado Augias<\/em><\/strong> o <strong><em>Lidia Ravera<\/em><\/strong>, lo psichiatra <strong><em>Vittorino Andreoli,<\/em><\/strong> la psicologa <strong><em>Gianna Schelotto<\/em><\/strong> e moltissimi altri.[\/vc_column_text][\/vc_column][vc_column width=&#8221;1\/3&#8243;][vc_single_image image=&#8221;481&#8243; img_size=&#8221;medium&#8221;][\/vc_column][\/vc_row][vc_row][vc_column width=&#8221;1\/4&#8243;][vc_single_image image=&#8221;482&#8243;][\/vc_column][vc_column width=&#8221;3\/4&#8243;][vc_column_text]<span style=\"color: #ff0000;\"><strong>Invito all\u2019opera e operetta <\/strong><\/span>Il concerto lirico \u00e8 fin dal 1986 uno degli appuntamenti fissi nel calendario annuale del Telaio. La prima edizione, organizzata con la direzione artistica del baritono <strong><em>Giangiacomo Guelfi<\/em><\/strong> e in collaborazione con l\u2019associazione Pro Cultura di Bressanone, ha visto fra gli ospiti d\u2019onore il grande tenore <strong><em>Ferruccio Tagliavini<\/em><\/strong>. Da allora numerosi talenti della lirica di caratura internazionale si sono esibiti per il Telaio, dal tenore <strong><em>Mario Malagnini<\/em><\/strong> al mezzosoprano <strong><em>Anna Maria Chiuri<\/em><\/strong>. Nel 1988 \u00e8 stata messa in scena anche la prima <strong>operetta<\/strong> con la nota soubrette <strong><em>Aurora Banfi<\/em><\/strong>. Da allora l\u2019operetta \u00e8 divenuta una proposta estiva del Telaio con cadenza pressoch\u00e9 biennale.[\/vc_column_text][\/vc_column][\/vc_row][vc_row][vc_column width=&#8221;2\/3&#8243;][vc_column_text]<span style=\"color: #ff0000;\"><strong>La DANZA <\/strong><\/span>\u00e8 entrata a far parte delle proposte del Telaio fin dal 1986, quando si sono esibite le giovanissime ballerine classiche della scuola di Renate Kokot di Egna. Da allora sono stati diversi gli spettacoli che hanno spaziato dalla <strong><em>danza<\/em><\/strong> <strong><em>latino-americana<\/em><\/strong> a quella <strong><em>africana<\/em><\/strong>, dai <strong><em>balli<\/em><\/strong> <strong><em>folkloristici<\/em><\/strong> delle regioni italiane a quelli russi e di altri stati dell\u2019Europa Orientale <strong>(nella foto quello ungherese di Debrecen)<\/strong> fino alle performance di <strong><em>danza moderna<\/em><\/strong>. Ancora oggi la danza rientra ad anni alterni fra le manifestazioni del Telaio.[\/vc_column_text][\/vc_column][vc_column width=&#8221;1\/3&#8243;][vc_single_image image=&#8221;483&#8243; img_size=&#8221;medium&#8221;][\/vc_column][\/vc_row][vc_row][vc_column width=&#8221;1\/4&#8243;][vc_single_image image=&#8221;484&#8243;][\/vc_column][vc_column width=&#8221;3\/4&#8243;][vc_column_text]<span style=\"color: #ff0000;\"><strong>Musica giovane<\/strong><\/span> Fin dal 1984 tante sono state le proposte che hanno coinvolto formazioni musicali giovanili. La prima \u00e8 stata un concerto del coro giovanile <strong><em>La Saletta<\/em><\/strong> di San Candido guidato da Elena Cadamuro, ospite poi pi\u00f9 volte del Telaio. Sono seguiti negli anni numerosi altri concerti con band giovanili locali e con gruppi pop famosi come il <strong><em>Gen Rosso<\/em><\/strong> e il <strong><em>Gen Verde<\/em><\/strong> o di altri generi musicali come l\u2019<strong><em>Ensemble giovanile Ambrosiano<\/em><\/strong><em>. <\/em>Per alcuni anni si \u00e8 tenuta anche la fortunata manifestazione<em> <strong>Saranno famosi<\/strong> <\/em>in cui giovani talenti locali si esibivano in performance canore, musicali o di danza.[\/vc_column_text][\/vc_column][\/vc_row][vc_row][vc_column width=&#8221;2\/3&#8243;][vc_column_text]<span style=\"color: #ff0000;\"><strong>LE MOSTRE<\/strong><\/span> Il Telaio ha organizzato nel corso degli anni numerose mostre di vario genere. La prima, nel 1988, \u00e8 stata dedicata alle <strong><em>cartoline e foto storiche di Brunico<\/em> (nella foto)<\/strong> in collaborazione con il Gruppo Archeologico. Sono seguite negli anni esposizioni personali di vari artisti nel campo della <strong><em>pittura<\/em><\/strong>, della <strong><em>scultura<\/em><\/strong> e della <strong><em>fotografia<\/em><\/strong>, sia organizzate in autonomamente dal Telaio che in collaborazione con l\u2019Ufficio Cultura della Provincia, con l\u2019Associazione Pro Museo o con la galleria \u201cQuestarte\u201d dell\u2019espositore veneto Giancarlo Bonaventura alla Casa Seeb\u00f6ck.[\/vc_column_text][\/vc_column][vc_column width=&#8221;1\/3&#8243;][vc_single_image image=&#8221;487&#8243; img_size=&#8221;medium&#8221;][\/vc_column][\/vc_row][vc_row][vc_column][vc_column_text]<span style=\"color: #ff0000;\"><strong>Conferenze e corsi<\/strong><\/span> Il Telaio organizza annualmente <strong><em>conferenze di esperti<\/em><\/strong> sui temi pi\u00f9 disparati, dalla salute alla storia, dall\u2019arte all\u2019artigianato, dai temi sociali a quelli ambientali. Interessante \u00e8 stata anche l\u2019esperienza dei <strong><em>corsi<\/em><\/strong> &#8211; tenutisi fra gli anni 90 ed il primo decennio del nuovo secolo &#8211; che hanno avuto per oggetto la gastronomia, l\u2019enologia, il ballo, l\u2019arte e &#8211; in collaborazione con l\u2019Upad &#8211; le lingue. Nel frattempo si occupano di corsi altre associazioni di lingua italiana di Brunico e quindi il Telaio li ha momentaneamente accantonati.[\/vc_column_text][\/vc_column][\/vc_row][vc_row][vc_column width=&#8221;1\/4&#8243;][vc_single_image image=&#8221;485&#8243; img_size=&#8221;medium&#8221;][\/vc_column][vc_column width=&#8221;3\/4&#8243;][vc_column_text]<span style=\"color: #ff0000;\"><strong>INIZIATIVE PARTICOLARI<\/strong> <\/span>Nel corso della sua storia il Telaio ha organizzato anche eventi e iniziative di rilievo che ne hanno messo in luce le capacit\u00e0 organizzative e hanno trovato vasta eco sui media.<\/p>\n<p>Fra queste vanno annoverate le apprezzatissime <strong><em>Cacce al tesoro<\/em><\/strong> <strong><em>culturali<\/em><\/strong> dal 1988, la <strong><em>Mostra evento sui Cimbri<\/em><\/strong> nel 1992 in collaborazione con il Curatorium Cimbricum Veronese, il gi\u00e0 citato <strong><em>New Orleans Jazz Festival<\/em><\/strong>, la visita ufficiale del Presidente del Senato <strong><em>Giovanni Spadolini<\/em><\/strong>, sempre nel 1992 nell\u2019ambito degli Incontri con l\u2019autore, e il <strong><em>Congresso dell\u2019AIPI<\/em><\/strong>, l\u2019Associazione Internazionale dei Professori d\u2019Italiano nelle universit\u00e0 straniere nel 2002, grazie ai buoni uffici di Bruno Mattiato. Da citare infine la pubblicazione del <em>mensile di cultura ed informazione della Val Pusteria<strong> Pustrissa<\/strong><\/em> a partire dal 1996, pubblicazione sospesa purtroppo nel 2004 per mancanza di fondi.[\/vc_column_text][\/vc_column][\/vc_row][vc_row][vc_column][vc_column_text]<span style=\"color: #ff0000;\"><strong>I Presidenti <\/strong><\/span>che si sono avvicendati alla guida dell\u2018Associazione Culturale \u201cIl Telaio\u201d sono stati:<\/p>\n<p>1984\u00a0 \u00a0 \u00a0 \u00a0 \u00a0 \u00a0 \u00a0 \u00a0 \u00a0 \u00a0 Marilena Tomasoni e Marco Pellizzari<br \/>\n1984 \u2013 1988 \u00a0\u00a0\u00a0\u00a0\u00a0 Marco Pellizzari<br \/>\n1988 \u2013 1990 \u00a0\u00a0\u00a0\u00a0\u00a0 Ida Marchetti<br \/>\n1990 \u2013 1994 \u00a0\u00a0\u00a0\u00a0\u00a0 Alessandro Pesavento<br \/>\n1994 \u2013 1998 \u00a0\u00a0\u00a0\u00a0\u00a0 Paolo De Martin<br \/>\n1998 \u2013 2000 \u00a0\u00a0\u00a0\u00a0\u00a0 Loredana Manzini<br \/>\n2000 \u2013 2020 \u00a0\u00a0\u00a0\u00a0\u00a0 Ida Marchetti<br \/>\n2020 &#8211;\u00a0 \u00a0 \u00a0 \u00a0 \u00a0 \u00a0 \u00a0 \u00a0 \u00a0Marco Pellizzari[\/vc_column_text][\/vc_column][\/vc_row]<\/p>\n","protected":false},"excerpt":{"rendered":"<p>[vc_row][vc_column][vc_column_text]L\u2019Associazione Culturale \u201cIl Telaio\u201d si \u00e8 costituita ufficialmente a Brunico il 14 gennaio 1984 per iniziativa di don Luciano Mabritto e di Marilena Tomasoni che ne \u00e8 stata per breve tempo anche la prima presidente. Gli altri soci fondatori e componenti del primo consiglio direttivo erano Tullio Lott, Ida Marchetti, Marco Pellizzari, Paolo Rettondini e Lino Svaluto Moreolo.[\/vc_column_text][\/vc_column][\/vc_row][vc_row][vc_column width=&#8221;1\/4&#8243;][vc_single_image image=&#8221;474&#8243;<\/p>\n<p><a class=\"more-link\" href=\"https:\/\/il-telaio.it\/index.php\/la-nostra-storia\/\">Read More<\/a><\/p>\n","protected":false},"author":1,"featured_media":0,"parent":0,"menu_order":0,"comment_status":"closed","ping_status":"closed","template":"","meta":{"footnotes":""},"class_list":["post-450","page","type-page","status-publish","hentry"],"yoast_head":"<!-- This site is optimized with the Yoast SEO plugin v27.5 - https:\/\/yoast.com\/product\/yoast-seo-wordpress\/ -->\n<title>La nostra storia -<\/title>\n<meta name=\"robots\" content=\"index, follow, max-snippet:-1, max-image-preview:large, max-video-preview:-1\" \/>\n<link rel=\"canonical\" href=\"https:\/\/il-telaio.it\/index.php\/la-nostra-storia\/\" \/>\n<meta property=\"og:locale\" content=\"it_IT\" \/>\n<meta property=\"og:type\" content=\"article\" \/>\n<meta property=\"og:title\" content=\"La nostra storia -\" \/>\n<meta property=\"og:description\" content=\"[vc_row][vc_column][vc_column_text]L\u2019Associazione Culturale \u201cIl Telaio\u201d si \u00e8 costituita ufficialmente a Brunico il 14 gennaio 1984 per iniziativa di don Luciano Mabritto e di Marilena Tomasoni che ne \u00e8 stata per breve tempo anche la prima presidente. Gli altri soci fondatori e componenti del primo consiglio direttivo erano Tullio Lott, Ida Marchetti, Marco Pellizzari, Paolo Rettondini e Lino Svaluto Moreolo.[\/vc_column_text][\/vc_column][\/vc_row][vc_row][vc_column width=&#8221;1\/4&#8243;][vc_single_image image=&#8221;474&#8243;Read More\" \/>\n<meta property=\"og:url\" content=\"https:\/\/il-telaio.it\/index.php\/la-nostra-storia\/\" \/>\n<meta property=\"article:modified_time\" content=\"2021-03-12T10:22:28+00:00\" \/>\n<meta name=\"twitter:card\" content=\"summary_large_image\" \/>\n<meta name=\"twitter:label1\" content=\"Tempo di lettura stimato\" \/>\n\t<meta name=\"twitter:data1\" content=\"8 minuti\" \/>\n<script type=\"application\/ld+json\" class=\"yoast-schema-graph\">{\"@context\":\"https:\\\/\\\/schema.org\",\"@graph\":[{\"@type\":\"WebPage\",\"@id\":\"https:\\\/\\\/il-telaio.it\\\/index.php\\\/la-nostra-storia\\\/\",\"url\":\"https:\\\/\\\/il-telaio.it\\\/index.php\\\/la-nostra-storia\\\/\",\"name\":\"La nostra storia -\",\"isPartOf\":{\"@id\":\"https:\\\/\\\/il-telaio.it\\\/#website\"},\"datePublished\":\"2020-11-23T08:18:35+00:00\",\"dateModified\":\"2021-03-12T10:22:28+00:00\",\"breadcrumb\":{\"@id\":\"https:\\\/\\\/il-telaio.it\\\/index.php\\\/la-nostra-storia\\\/#breadcrumb\"},\"inLanguage\":\"it-IT\",\"potentialAction\":[{\"@type\":\"ReadAction\",\"target\":[\"https:\\\/\\\/il-telaio.it\\\/index.php\\\/la-nostra-storia\\\/\"]}]},{\"@type\":\"BreadcrumbList\",\"@id\":\"https:\\\/\\\/il-telaio.it\\\/index.php\\\/la-nostra-storia\\\/#breadcrumb\",\"itemListElement\":[{\"@type\":\"ListItem\",\"position\":1,\"name\":\"Home\",\"item\":\"https:\\\/\\\/il-telaio.it\\\/\"},{\"@type\":\"ListItem\",\"position\":2,\"name\":\"La nostra storia\"}]},{\"@type\":\"WebSite\",\"@id\":\"https:\\\/\\\/il-telaio.it\\\/#website\",\"url\":\"https:\\\/\\\/il-telaio.it\\\/\",\"name\":\"\",\"description\":\"\",\"potentialAction\":[{\"@type\":\"SearchAction\",\"target\":{\"@type\":\"EntryPoint\",\"urlTemplate\":\"https:\\\/\\\/il-telaio.it\\\/?s={search_term_string}\"},\"query-input\":{\"@type\":\"PropertyValueSpecification\",\"valueRequired\":true,\"valueName\":\"search_term_string\"}}],\"inLanguage\":\"it-IT\"}]}<\/script>\n<!-- \/ Yoast SEO plugin. -->","yoast_head_json":{"title":"La nostra storia -","robots":{"index":"index","follow":"follow","max-snippet":"max-snippet:-1","max-image-preview":"max-image-preview:large","max-video-preview":"max-video-preview:-1"},"canonical":"https:\/\/il-telaio.it\/index.php\/la-nostra-storia\/","og_locale":"it_IT","og_type":"article","og_title":"La nostra storia -","og_description":"[vc_row][vc_column][vc_column_text]L\u2019Associazione Culturale \u201cIl Telaio\u201d si \u00e8 costituita ufficialmente a Brunico il 14 gennaio 1984 per iniziativa di don Luciano Mabritto e di Marilena Tomasoni che ne \u00e8 stata per breve tempo anche la prima presidente. Gli altri soci fondatori e componenti del primo consiglio direttivo erano Tullio Lott, Ida Marchetti, Marco Pellizzari, Paolo Rettondini e Lino Svaluto Moreolo.[\/vc_column_text][\/vc_column][\/vc_row][vc_row][vc_column width=&#8221;1\/4&#8243;][vc_single_image image=&#8221;474&#8243;Read More","og_url":"https:\/\/il-telaio.it\/index.php\/la-nostra-storia\/","article_modified_time":"2021-03-12T10:22:28+00:00","twitter_card":"summary_large_image","twitter_misc":{"Tempo di lettura stimato":"8 minuti"},"schema":{"@context":"https:\/\/schema.org","@graph":[{"@type":"WebPage","@id":"https:\/\/il-telaio.it\/index.php\/la-nostra-storia\/","url":"https:\/\/il-telaio.it\/index.php\/la-nostra-storia\/","name":"La nostra storia -","isPartOf":{"@id":"https:\/\/il-telaio.it\/#website"},"datePublished":"2020-11-23T08:18:35+00:00","dateModified":"2021-03-12T10:22:28+00:00","breadcrumb":{"@id":"https:\/\/il-telaio.it\/index.php\/la-nostra-storia\/#breadcrumb"},"inLanguage":"it-IT","potentialAction":[{"@type":"ReadAction","target":["https:\/\/il-telaio.it\/index.php\/la-nostra-storia\/"]}]},{"@type":"BreadcrumbList","@id":"https:\/\/il-telaio.it\/index.php\/la-nostra-storia\/#breadcrumb","itemListElement":[{"@type":"ListItem","position":1,"name":"Home","item":"https:\/\/il-telaio.it\/"},{"@type":"ListItem","position":2,"name":"La nostra storia"}]},{"@type":"WebSite","@id":"https:\/\/il-telaio.it\/#website","url":"https:\/\/il-telaio.it\/","name":"","description":"","potentialAction":[{"@type":"SearchAction","target":{"@type":"EntryPoint","urlTemplate":"https:\/\/il-telaio.it\/?s={search_term_string}"},"query-input":{"@type":"PropertyValueSpecification","valueRequired":true,"valueName":"search_term_string"}}],"inLanguage":"it-IT"}]}},"_links":{"self":[{"href":"https:\/\/il-telaio.it\/index.php\/wp-json\/wp\/v2\/pages\/450","targetHints":{"allow":["GET"]}}],"collection":[{"href":"https:\/\/il-telaio.it\/index.php\/wp-json\/wp\/v2\/pages"}],"about":[{"href":"https:\/\/il-telaio.it\/index.php\/wp-json\/wp\/v2\/types\/page"}],"author":[{"embeddable":true,"href":"https:\/\/il-telaio.it\/index.php\/wp-json\/wp\/v2\/users\/1"}],"replies":[{"embeddable":true,"href":"https:\/\/il-telaio.it\/index.php\/wp-json\/wp\/v2\/comments?post=450"}],"version-history":[{"count":8,"href":"https:\/\/il-telaio.it\/index.php\/wp-json\/wp\/v2\/pages\/450\/revisions"}],"predecessor-version":[{"id":548,"href":"https:\/\/il-telaio.it\/index.php\/wp-json\/wp\/v2\/pages\/450\/revisions\/548"}],"wp:attachment":[{"href":"https:\/\/il-telaio.it\/index.php\/wp-json\/wp\/v2\/media?parent=450"}],"curies":[{"name":"wp","href":"https:\/\/api.w.org\/{rel}","templated":true}]}}